{"id":386,"date":"2022-03-08T23:52:42","date_gmt":"2022-03-08T23:52:42","guid":{"rendered":"https:\/\/aljezurexperiences.com\/a-escola\/"},"modified":"2022-05-01T11:25:20","modified_gmt":"2022-05-01T11:25:20","slug":"a-escola","status":"publish","type":"page","link":"https:\/\/aljezurexperiences.com\/pt-pt\/a-escola\/","title":{"rendered":"A Escola"},"content":{"rendered":"\t\t<div data-elementor-type=\"wp-page\" data-elementor-id=\"386\" class=\"elementor elementor-386 elementor-12\" data-elementor-post-type=\"page\">\n\t\t\t\t\t\t<section class=\"elementor-section elementor-top-section elementor-element elementor-element-0e695c9 elementor-section-content-middle elementor-reverse-mobile elementor-section-boxed elementor-section-height-default elementor-section-height-default\" data-id=\"0e695c9\" data-element_type=\"section\" data-e-type=\"section\" data-settings=\"{&quot;jet_parallax_layout_list&quot;:[]}\">\n\t\t\t\t\t\t<div class=\"elementor-container elementor-column-gap-default\">\n\t\t\t\t\t<div class=\"elementor-column elementor-col-50 elementor-top-column elementor-element elementor-element-9556958\" data-id=\"9556958\" data-element_type=\"column\" data-e-type=\"column\">\n\t\t\t<div class=\"elementor-widget-wrap elementor-element-populated\">\n\t\t\t\t\t\t<div class=\"elementor-element elementor-element-48fa68a elementor-widget-divider--separator-type-pattern elementor-widget-divider--no-spacing elementor-widget-divider--view-line elementor-widget elementor-widget-divider\" data-id=\"48fa68a\" data-element_type=\"widget\" data-e-type=\"widget\" data-widget_type=\"divider.default\">\n\t\t\t\t<div class=\"elementor-widget-container\">\n\t\t\t\t\t\t\t<div class=\"elementor-divider\" style=\"--divider-pattern-url: url(&quot;data:image\/svg+xml,%3Csvg xmlns=&#039;http:\/\/www.w3.org\/2000\/svg&#039; preserveAspectRatio=&#039;xMidYMid meet&#039; overflow=&#039;visible&#039; height=&#039;100%&#039; viewBox=&#039;0 0 126 26&#039; fill=&#039;black&#039; stroke=&#039;none&#039;%3E%3Cpath d=&#039;M3,10.2c2.6,0,2.6,2,2.6,3.2S4.4,16.5,3,16.5s-3-1.4-3-3.2S0.4,10.2,3,10.2z M18.8,10.2c1.7,0,3.2,1.4,3.2,3.2s-1.4,3.2-3.2,3.2c-1.7,0-3.2-1.4-3.2-3.2S17,10.2,18.8,10.2z M34.6,10.2c1.5,0,2.6,1.4,2.6,3.2s-0.5,3.2-1.9,3.2c-1.5,0-3.4-1.4-3.4-3.2S33.1,10.2,34.6,10.2z M50.5,10.2c1.7,0,3.2,1.4,3.2,3.2s-1.4,3.2-3.2,3.2c-1.7,0-3.3-0.9-3.3-2.6S48.7,10.2,50.5,10.2z M66.2,10.2c1.5,0,3.4,1.4,3.4,3.2s-1.9,3.2-3.4,3.2c-1.5,0-2.6-0.4-2.6-2.1S64.8,10.2,66.2,10.2z M82.2,10.2c1.7,0.8,2.6,1.4,2.6,3.2s-0.1,3.2-1.6,3.2c-1.5,0-3.7-1.4-3.7-3.2S80.5,9.4,82.2,10.2zM98.6,10.2c1.5,0,2.6,0.4,2.6,2.1s-1.2,4.2-2.6,4.2c-1.5,0-3.7-0.4-3.7-2.1S97.1,10.2,98.6,10.2z M113.4,10.2c1.2,0,2.2,0.9,2.2,3.2s-0.1,3.2-1.3,3.2s-3.1-1.4-3.1-3.2S112.2,10.2,113.4,10.2z&#039;\/%3E%3C\/svg%3E&quot;);\">\n\t\t\t<span class=\"elementor-divider-separator\">\n\t\t\t\t\t\t<\/span>\n\t\t<\/div>\n\t\t\t\t\t\t<\/div>\n\t\t\t\t<\/div>\n\t\t\t\t<div class=\"elementor-element elementor-element-9c0ea4f elementor-widget elementor-widget-heading\" data-id=\"9c0ea4f\" data-element_type=\"widget\" data-e-type=\"widget\" data-widget_type=\"heading.default\">\n\t\t\t\t<div class=\"elementor-widget-container\">\n\t\t\t\t\t<h1 class=\"elementor-heading-title elementor-size-default\">A escola<\/h1>\t\t\t\t<\/div>\n\t\t\t\t<\/div>\n\t\t\t\t<div class=\"elementor-element elementor-element-38c4044 elementor-widget elementor-widget-text-editor\" data-id=\"38c4044\" data-element_type=\"widget\" data-e-type=\"widget\" data-widget_type=\"text-editor.default\">\n\t\t\t\t<div class=\"elementor-widget-container\">\n\t\t\t\t\t\t\t\t\t<p>Aljezur \u00e9 um local repleto de praia com \u00f3timas condi\u00e7\u00f5es para o surf. Ser surfista em Aljezur d\u00e1-nos acesso a v\u00e1rios tipos de ondas e condi\u00e7\u00f5es para praticar um desporto envolvido na natureza.<\/p>\r\n<p>Por motivos profissionais fui-me aproximando de um destino que, nos dias de hoje, chamo de casa.<\/p>\r\n<p>Atrav\u00e9s da minha forma\u00e7\u00e3o de base, em Engenharia na \u00e1rea da constru\u00e7\u00e3o, tive oportunidade de trabalhar perto daquela que considero a minha grande paix\u00e3o: as ondas e a natureza.<\/p>\r\n<p>De forma natural a paix\u00e3o pelas ondas dominou os meus dias, a possibilidade de poder estar perto do oceano diariamente e usufruir da natureza que nos rodeia, acabou por marcar o meu dia-a-dia.<\/p>\t\t\t\t\t\t\t\t<\/div>\n\t\t\t\t<\/div>\n\t\t\t\t\t<\/div>\n\t\t<\/div>\n\t\t\t\t<div class=\"elementor-column elementor-col-50 elementor-top-column elementor-element elementor-element-11871f1\" data-id=\"11871f1\" data-element_type=\"column\" data-e-type=\"column\" data-settings=\"{&quot;background_background&quot;:&quot;classic&quot;}\">\n\t\t\t<div class=\"elementor-widget-wrap elementor-element-populated\">\n\t\t\t\t\t\t<div class=\"elementor-element elementor-element-a5ed2b5 elementor-widget elementor-widget-spacer\" data-id=\"a5ed2b5\" data-element_type=\"widget\" data-e-type=\"widget\" data-widget_type=\"spacer.default\">\n\t\t\t\t<div class=\"elementor-widget-container\">\n\t\t\t\t\t\t\t<div class=\"elementor-spacer\">\n\t\t\t<div class=\"elementor-spacer-inner\"><\/div>\n\t\t<\/div>\n\t\t\t\t\t\t<\/div>\n\t\t\t\t<\/div>\n\t\t\t\t\t<\/div>\n\t\t<\/div>\n\t\t\t\t\t<\/div>\n\t\t<\/section>\n\t\t\t\t<section class=\"elementor-section elementor-top-section elementor-element elementor-element-c6a1aa9 elementor-section-content-middle elementor-section-boxed elementor-section-height-default elementor-section-height-default\" data-id=\"c6a1aa9\" data-element_type=\"section\" data-e-type=\"section\" data-settings=\"{&quot;jet_parallax_layout_list&quot;:[]}\">\n\t\t\t\t\t\t<div class=\"elementor-container elementor-column-gap-default\">\n\t\t\t\t\t<div class=\"elementor-column elementor-col-50 elementor-top-column elementor-element elementor-element-a18a83e\" data-id=\"a18a83e\" data-element_type=\"column\" data-e-type=\"column\" data-settings=\"{&quot;background_background&quot;:&quot;classic&quot;}\">\n\t\t\t<div class=\"elementor-widget-wrap elementor-element-populated\">\n\t\t\t\t\t\t<div class=\"elementor-element elementor-element-bcfec86 elementor-widget elementor-widget-spacer\" data-id=\"bcfec86\" data-element_type=\"widget\" data-e-type=\"widget\" data-widget_type=\"spacer.default\">\n\t\t\t\t<div class=\"elementor-widget-container\">\n\t\t\t\t\t\t\t<div class=\"elementor-spacer\">\n\t\t\t<div class=\"elementor-spacer-inner\"><\/div>\n\t\t<\/div>\n\t\t\t\t\t\t<\/div>\n\t\t\t\t<\/div>\n\t\t\t\t\t<\/div>\n\t\t<\/div>\n\t\t\t\t<div class=\"elementor-column elementor-col-50 elementor-top-column elementor-element elementor-element-fc73b1e\" data-id=\"fc73b1e\" data-element_type=\"column\" data-e-type=\"column\">\n\t\t\t<div class=\"elementor-widget-wrap elementor-element-populated\">\n\t\t\t\t\t\t<div class=\"elementor-element elementor-element-2c53875 elementor-widget elementor-widget-text-editor\" data-id=\"2c53875\" data-element_type=\"widget\" data-e-type=\"widget\" data-widget_type=\"text-editor.default\">\n\t\t\t\t<div class=\"elementor-widget-container\">\n\t\t\t\t\t\t\t\t\t<p>Cresci na cidade de Olh\u00e3o onde comecei a deslizar nas ondas nas Ilhas Barreira, desde que tenho memoria. Foi uma quest\u00e3o de tempo para os meus pais me oferecerem uma prancha e, mais tarde, passados alguns anos, o meu primeiro fato de surf, fundamental para surfar nos meses de inverno.<span style=\"color: var( --e-global-color-primary ); font-family: var( --e-global-typography-text-font-family ), Sans-serif; font-weight: var( --e-global-typography-text-font-weight ); font-size: 1rem;\"><br \/><\/span><\/p><p><span style=\"color: var( --e-global-color-primary ); font-family: var( --e-global-typography-text-font-family ), Sans-serif; font-weight: var( --e-global-typography-text-font-weight ); font-size: 1rem;\">Desde as primeiras ondas de espumas, vamos sempre querendo explorar outros s\u00edtios e outras ondas. Assim, come\u00e7aram as viagens com os amigos, os quil\u00f3metros de estradas para ir surfar na Costa Vicentina e Sudoeste Alentejano.<\/span><\/p><p>Com o tempo dei por mim a explorar os s\u00edtios m\u00edticos do surf em Portugal. A Ericeira, nos dias de hoje considerada Reserva Natural Mundial com excelentes condi\u00e7\u00f5es de ondas, Peniche onde o WSL &#8211; Circuito Mundial de Surf tem uma paragem, a Praia do Norte na Nazar\u00e9, conhecida mundialmente pelas suas ondas GIGANTES, e tantos outros recantos por este Portugal fora.<\/p>\t\t\t\t\t\t\t\t<\/div>\n\t\t\t\t<\/div>\n\t\t\t\t\t<\/div>\n\t\t<\/div>\n\t\t\t\t\t<\/div>\n\t\t<\/section>\n\t\t\t\t<section class=\"elementor-section elementor-top-section elementor-element elementor-element-5e5ae70 elementor-section-content-middle elementor-reverse-mobile elementor-section-boxed elementor-section-height-default elementor-section-height-default\" data-id=\"5e5ae70\" data-element_type=\"section\" data-e-type=\"section\" data-settings=\"{&quot;jet_parallax_layout_list&quot;:[]}\">\n\t\t\t\t\t\t<div class=\"elementor-container elementor-column-gap-default\">\n\t\t\t\t\t<div class=\"elementor-column elementor-col-50 elementor-top-column elementor-element elementor-element-59362a8\" data-id=\"59362a8\" data-element_type=\"column\" data-e-type=\"column\">\n\t\t\t<div class=\"elementor-widget-wrap elementor-element-populated\">\n\t\t\t\t\t\t<div class=\"elementor-element elementor-element-a727477 elementor-widget elementor-widget-text-editor\" data-id=\"a727477\" data-element_type=\"widget\" data-e-type=\"widget\" data-widget_type=\"text-editor.default\">\n\t\t\t\t<div class=\"elementor-widget-container\">\n\t\t\t\t\t\t\t\t\t<p>\u201cFelizmente\u201d, a crise econ\u00f3mica permitiu-me pausar um ano da minha vida naquela que era a minha profiss\u00e3o, tomando, nessa altura, a decis\u00e3o de me mudar de armas e bagagem para Aljezur!<\/p><p>E essa foi uma das grandes decis\u00f5es da minha vida, pois realizei um sonho que me desafiava h\u00e1 muito, criando a Aljezur Experiences, a escola que \u00e9 tamb\u00e9m um projeto de vida e que me permite todos os dias viver com a minha paix\u00e3o, o Surf!<\/p><p>A Aljezur Experiences d\u00e1-me oportunidade de passar os meus dias em contato com o oceano e poder partilhar a minha experi\u00eancia e paix\u00e3o nas nossas aulas de surf.<\/p><p>A nossa equipa \u00e9 formada por pessoas que partilham da mesma paix\u00e3o!<\/p>\t\t\t\t\t\t\t\t<\/div>\n\t\t\t\t<\/div>\n\t\t\t\t\t<\/div>\n\t\t<\/div>\n\t\t\t\t<div class=\"elementor-column elementor-col-50 elementor-top-column elementor-element elementor-element-43bdae2\" data-id=\"43bdae2\" data-element_type=\"column\" data-e-type=\"column\" data-settings=\"{&quot;background_background&quot;:&quot;classic&quot;}\">\n\t\t\t<div class=\"elementor-widget-wrap elementor-element-populated\">\n\t\t\t\t\t\t<div class=\"elementor-element elementor-element-5a41889 elementor-widget elementor-widget-spacer\" data-id=\"5a41889\" data-element_type=\"widget\" data-e-type=\"widget\" data-widget_type=\"spacer.default\">\n\t\t\t\t<div class=\"elementor-widget-container\">\n\t\t\t\t\t\t\t<div class=\"elementor-spacer\">\n\t\t\t<div class=\"elementor-spacer-inner\"><\/div>\n\t\t<\/div>\n\t\t\t\t\t\t<\/div>\n\t\t\t\t<\/div>\n\t\t\t\t\t<\/div>\n\t\t<\/div>\n\t\t\t\t\t<\/div>\n\t\t<\/section>\n\t\t\t\t<\/div>\n\t\t","protected":false},"excerpt":{"rendered":"<p>A escola Aljezur \u00e9 um local repleto de praia com \u00f3timas condi\u00e7\u00f5es para o surf. Ser surfista em Aljezur d\u00e1-nos acesso a v\u00e1rios tipos de ondas e condi\u00e7\u00f5es para praticar um desporto envolvido na natureza. Por motivos profissionais fui-me aproximando de um destino que, nos dias de hoje, chamo de casa. Atrav\u00e9s da minha forma\u00e7\u00e3o [&hellip;]<\/p>\n","protected":false},"author":1,"featured_media":0,"parent":0,"menu_order":0,"comment_status":"closed","ping_status":"closed","template":"elementor_header_footer","meta":{"footnotes":""},"class_list":["post-386","page","type-page","status-publish","hentry"],"acf":[],"yoast_head":"<!-- This site is optimized with the Yoast SEO plugin v27.4 - https:\/\/yoast.com\/product\/yoast-seo-wordpress\/ -->\n<title>A Escola - Aljezur Experiences<\/title>\n<meta name=\"robots\" content=\"index, follow, max-snippet:-1, max-image-preview:large, max-video-preview:-1\" \/>\n<link rel=\"canonical\" href=\"https:\/\/aljezurexperiences.com\/pt-pt\/a-escola\/\" \/>\n<meta property=\"og:locale\" content=\"pt_PT\" \/>\n<meta property=\"og:type\" content=\"article\" \/>\n<meta property=\"og:title\" content=\"A Escola - Aljezur Experiences\" \/>\n<meta property=\"og:description\" content=\"A escola Aljezur \u00e9 um local repleto de praia com \u00f3timas condi\u00e7\u00f5es para o surf. Ser surfista em Aljezur d\u00e1-nos acesso a v\u00e1rios tipos de ondas e condi\u00e7\u00f5es para praticar um desporto envolvido na natureza. Por motivos profissionais fui-me aproximando de um destino que, nos dias de hoje, chamo de casa. Atrav\u00e9s da minha forma\u00e7\u00e3o [&hellip;]\" \/>\n<meta property=\"og:url\" content=\"https:\/\/aljezurexperiences.com\/pt-pt\/a-escola\/\" \/>\n<meta property=\"og:site_name\" content=\"Aljezur Experiences\" \/>\n<meta property=\"article:modified_time\" content=\"2022-05-01T11:25:20+00:00\" \/>\n<meta name=\"twitter:card\" content=\"summary_large_image\" \/>\n<meta name=\"twitter:label1\" content=\"Tempo estimado de leitura\" \/>\n\t<meta name=\"twitter:data1\" content=\"2 minutos\" \/>\n<script type=\"application\/ld+json\" class=\"yoast-schema-graph\">{\"@context\":\"https:\\\/\\\/schema.org\",\"@graph\":[{\"@type\":\"WebPage\",\"@id\":\"https:\\\/\\\/aljezurexperiences.com\\\/pt-pt\\\/a-escola\\\/\",\"url\":\"https:\\\/\\\/aljezurexperiences.com\\\/pt-pt\\\/a-escola\\\/\",\"name\":\"A Escola - Aljezur Experiences\",\"isPartOf\":{\"@id\":\"https:\\\/\\\/aljezurexperiences.com\\\/#website\"},\"datePublished\":\"2022-03-08T23:52:42+00:00\",\"dateModified\":\"2022-05-01T11:25:20+00:00\",\"breadcrumb\":{\"@id\":\"https:\\\/\\\/aljezurexperiences.com\\\/pt-pt\\\/a-escola\\\/#breadcrumb\"},\"inLanguage\":\"pt-PT\",\"potentialAction\":[{\"@type\":\"ReadAction\",\"target\":[\"https:\\\/\\\/aljezurexperiences.com\\\/pt-pt\\\/a-escola\\\/\"]}]},{\"@type\":\"BreadcrumbList\",\"@id\":\"https:\\\/\\\/aljezurexperiences.com\\\/pt-pt\\\/a-escola\\\/#breadcrumb\",\"itemListElement\":[{\"@type\":\"ListItem\",\"position\":1,\"name\":\"Home\",\"item\":\"https:\\\/\\\/aljezurexperiences.com\\\/\"},{\"@type\":\"ListItem\",\"position\":2,\"name\":\"A Escola\"}]},{\"@type\":\"WebSite\",\"@id\":\"https:\\\/\\\/aljezurexperiences.com\\\/#website\",\"url\":\"https:\\\/\\\/aljezurexperiences.com\\\/\",\"name\":\"Aljezur Experiences\",\"description\":\"Surf School\",\"potentialAction\":[{\"@type\":\"SearchAction\",\"target\":{\"@type\":\"EntryPoint\",\"urlTemplate\":\"https:\\\/\\\/aljezurexperiences.com\\\/?s={search_term_string}\"},\"query-input\":{\"@type\":\"PropertyValueSpecification\",\"valueRequired\":true,\"valueName\":\"search_term_string\"}}],\"inLanguage\":\"pt-PT\"}]}<\/script>\n<!-- \/ Yoast SEO plugin. -->","yoast_head_json":{"title":"A Escola - Aljezur Experiences","robots":{"index":"index","follow":"follow","max-snippet":"max-snippet:-1","max-image-preview":"max-image-preview:large","max-video-preview":"max-video-preview:-1"},"canonical":"https:\/\/aljezurexperiences.com\/pt-pt\/a-escola\/","og_locale":"pt_PT","og_type":"article","og_title":"A Escola - Aljezur Experiences","og_description":"A escola Aljezur \u00e9 um local repleto de praia com \u00f3timas condi\u00e7\u00f5es para o surf. Ser surfista em Aljezur d\u00e1-nos acesso a v\u00e1rios tipos de ondas e condi\u00e7\u00f5es para praticar um desporto envolvido na natureza. Por motivos profissionais fui-me aproximando de um destino que, nos dias de hoje, chamo de casa. Atrav\u00e9s da minha forma\u00e7\u00e3o [&hellip;]","og_url":"https:\/\/aljezurexperiences.com\/pt-pt\/a-escola\/","og_site_name":"Aljezur Experiences","article_modified_time":"2022-05-01T11:25:20+00:00","twitter_card":"summary_large_image","twitter_misc":{"Tempo estimado de leitura":"2 minutos"},"schema":{"@context":"https:\/\/schema.org","@graph":[{"@type":"WebPage","@id":"https:\/\/aljezurexperiences.com\/pt-pt\/a-escola\/","url":"https:\/\/aljezurexperiences.com\/pt-pt\/a-escola\/","name":"A Escola - Aljezur Experiences","isPartOf":{"@id":"https:\/\/aljezurexperiences.com\/#website"},"datePublished":"2022-03-08T23:52:42+00:00","dateModified":"2022-05-01T11:25:20+00:00","breadcrumb":{"@id":"https:\/\/aljezurexperiences.com\/pt-pt\/a-escola\/#breadcrumb"},"inLanguage":"pt-PT","potentialAction":[{"@type":"ReadAction","target":["https:\/\/aljezurexperiences.com\/pt-pt\/a-escola\/"]}]},{"@type":"BreadcrumbList","@id":"https:\/\/aljezurexperiences.com\/pt-pt\/a-escola\/#breadcrumb","itemListElement":[{"@type":"ListItem","position":1,"name":"Home","item":"https:\/\/aljezurexperiences.com\/"},{"@type":"ListItem","position":2,"name":"A Escola"}]},{"@type":"WebSite","@id":"https:\/\/aljezurexperiences.com\/#website","url":"https:\/\/aljezurexperiences.com\/","name":"Aljezur Experiences","description":"Surf School","potentialAction":[{"@type":"SearchAction","target":{"@type":"EntryPoint","urlTemplate":"https:\/\/aljezurexperiences.com\/?s={search_term_string}"},"query-input":{"@type":"PropertyValueSpecification","valueRequired":true,"valueName":"search_term_string"}}],"inLanguage":"pt-PT"}]}},"_links":{"self":[{"href":"https:\/\/aljezurexperiences.com\/pt-pt\/wp-json\/wp\/v2\/pages\/386","targetHints":{"allow":["GET"]}}],"collection":[{"href":"https:\/\/aljezurexperiences.com\/pt-pt\/wp-json\/wp\/v2\/pages"}],"about":[{"href":"https:\/\/aljezurexperiences.com\/pt-pt\/wp-json\/wp\/v2\/types\/page"}],"author":[{"embeddable":true,"href":"https:\/\/aljezurexperiences.com\/pt-pt\/wp-json\/wp\/v2\/users\/1"}],"replies":[{"embeddable":true,"href":"https:\/\/aljezurexperiences.com\/pt-pt\/wp-json\/wp\/v2\/comments?post=386"}],"version-history":[{"count":2,"href":"https:\/\/aljezurexperiences.com\/pt-pt\/wp-json\/wp\/v2\/pages\/386\/revisions"}],"predecessor-version":[{"id":753,"href":"https:\/\/aljezurexperiences.com\/pt-pt\/wp-json\/wp\/v2\/pages\/386\/revisions\/753"}],"wp:attachment":[{"href":"https:\/\/aljezurexperiences.com\/pt-pt\/wp-json\/wp\/v2\/media?parent=386"}],"curies":[{"name":"wp","href":"https:\/\/api.w.org\/{rel}","templated":true}]}}